{"id":2229,"date":"2017-03-25T10:13:29","date_gmt":"2017-03-25T09:13:29","guid":{"rendered":"http:\/\/velo-club-brignais.com\/v2\/?page_id=2229"},"modified":"2022-05-16T15:22:57","modified_gmt":"2022-05-16T14:22:57","slug":"2017-03-11-3eme-grand-prix-de-dommartin","status":"publish","type":"page","link":"https:\/\/velo-club-brignais.com\/v2\/?page_id=2229","title":{"rendered":"2017-03-11 &#8211; 3\u00e9me Grand Prix de Dommartin"},"content":{"rendered":"<p>Circuit de 5.85km<\/p>\n<p>Pr\u00e9sents VCB =3 Alain D. Jean-Claude. Jo\u00ebl<\/p>\n<ul>\n<li>En 3, 11 tours 70 coureurs au d\u00e9part \u00a0Alain finit dans le peloton dans le dernier tour chute devant lui qui l\u2019a oblig\u00e9 \u00e0 mettre pied \u00e0 terre<\/li>\n<li>En 4, 10 tours 58 coureurs au d\u00e9part Jean-Claude finit 23 laisse faire le sprint trop nombreux.<\/li>\n<li>En 5, \u00a09 tours \u00a044 coureurs au d\u00e9part Joel finit 11, dans l\u2019avant dernier virage il vire trop large (parking) il laisse pass\u00e9 4\/5 coureurs. trop tard\u00a0!!!<\/li>\n<\/ul>\n","protected":false},"excerpt":{"rendered":"<p>Circuit de 5.85km Pr\u00e9sents VCB =3 Alain D. Jean-Claude. Jo\u00ebl En 3, 11 tours 70 coureurs au d\u00e9part \u00a0Alain finit dans le peloton dans le dernier tour chute devant lui qui l\u2019a oblig\u00e9 \u00e0 mettre pied \u00e0 terre En 4,&#8230; <a class=\"more-link\" href=\"https:\/\/velo-club-brignais.com\/v2\/?page_id=2229\">Continue Reading &rarr;<\/a><\/p>\n","protected":false},"author":1,"featured_media":0,"parent":2033,"menu_order":0,"comment_status":"closed","ping_status":"closed","template":"","meta":{"_seopress_robots_primary_cat":"","_seopress_titles_title":"","_seopress_titles_desc":"","_seopress_robots_index":"","_monsterinsights_skip_tracking":false,"_monsterinsights_sitenote_active":false,"_monsterinsights_sitenote_note":"","_monsterinsights_sitenote_category":0},"_links":{"self":[{"href":"https:\/\/velo-club-brignais.com\/v2\/index.php?rest_route=\/wp\/v2\/pages\/2229"}],"collection":[{"href":"https:\/\/velo-club-brignais.com\/v2\/index.php?rest_route=\/wp\/v2\/pages"}],"about":[{"href":"https:\/\/velo-club-brignais.com\/v2\/index.php?rest_route=\/wp\/v2\/types\/page"}],"author":[{"embeddable":true,"href":"https:\/\/velo-club-brignais.com\/v2\/index.php?rest_route=\/wp\/v2\/users\/1"}],"replies":[{"embeddable":true,"href":"https:\/\/velo-club-brignais.com\/v2\/index.php?rest_route=%2Fwp%2Fv2%2Fcomments&post=2229"}],"version-history":[{"count":1,"href":"https:\/\/velo-club-brignais.com\/v2\/index.php?rest_route=\/wp\/v2\/pages\/2229\/revisions"}],"predecessor-version":[{"id":2230,"href":"https:\/\/velo-club-brignais.com\/v2\/index.php?rest_route=\/wp\/v2\/pages\/2229\/revisions\/2230"}],"up":[{"embeddable":true,"href":"https:\/\/velo-club-brignais.com\/v2\/index.php?rest_route=\/wp\/v2\/pages\/2033"}],"wp:attachment":[{"href":"https:\/\/velo-club-brignais.com\/v2\/index.php?rest_route=%2Fwp%2Fv2%2Fmedia&parent=2229"}],"curies":[{"name":"wp","href":"https:\/\/api.w.org\/{rel}","templated":true}]}}