{"id":4899,"date":"2024-03-27T21:33:30","date_gmt":"2024-03-27T20:33:30","guid":{"rendered":"http:\/\/velo-club-brignais.com\/v2\/?page_id=4899"},"modified":"2025-03-31T15:47:38","modified_gmt":"2025-03-31T14:47:38","slug":"tdjv-de-pommiers-le-vct-y-etait-24-mars-2024","status":"publish","type":"page","link":"https:\/\/velo-club-brignais.com\/v2\/?page_id=4899","title":{"rendered":"TDJV de Pommiers, le VCB y \u00e9tait ! 24 mars 2024"},"content":{"rendered":"\n<p>17 jeunes de l&#8217;Ecole de VTT du VCB ont pris le d\u00e9part de cette deuxi\u00e8me \u00e9preuve de la saison.<\/p>\n\n\n\n<figure class=\"wp-block-gallery has-nested-images columns-default is-cropped\">\n<figure class=\"wp-block-image size-large\"><img loading=\"lazy\" width=\"2016\" height=\"1512\" data-id=\"4887\"  src=\"http:\/\/velo-club-brignais.com\/v2\/wp-content\/uploads\/2024\/03\/TDJV-pommiers-depart-XC-U15-2.jpg\" alt=\"TDJV de Pommiers depart XC U13\" class=\"wp-image-4887\" srcset=\"https:\/\/velo-club-brignais.com\/v2\/wp-content\/uploads\/2024\/03\/TDJV-pommiers-depart-XC-U15-2.jpg 2016w, https:\/\/velo-club-brignais.com\/v2\/wp-content\/uploads\/2024\/03\/TDJV-pommiers-depart-XC-U15-2-300x225.jpg 300w, https:\/\/velo-club-brignais.com\/v2\/wp-content\/uploads\/2024\/03\/TDJV-pommiers-depart-XC-U15-2-1024x768.jpg 1024w, https:\/\/velo-club-brignais.com\/v2\/wp-content\/uploads\/2024\/03\/TDJV-pommiers-depart-XC-U15-2-150x113.jpg 150w, https:\/\/velo-club-brignais.com\/v2\/wp-content\/uploads\/2024\/03\/TDJV-pommiers-depart-XC-U15-2-768x576.jpg 768w, https:\/\/velo-club-brignais.com\/v2\/wp-content\/uploads\/2024\/03\/TDJV-pommiers-depart-XC-U15-2-1536x1152.jpg 1536w, https:\/\/velo-club-brignais.com\/v2\/wp-content\/uploads\/2024\/03\/TDJV-pommiers-depart-XC-U15-2-945x709.jpg 945w, https:\/\/velo-club-brignais.com\/v2\/wp-content\/uploads\/2024\/03\/TDJV-pommiers-depart-XC-U15-2-600x450.jpg 600w\" sizes=\"(max-width: 2016px) 100vw, 2016px\" \/><\/figure>\n\n\n\n<figure class=\"wp-block-image size-large\"><img loading=\"lazy\" width=\"1512\" height=\"2016\" data-id=\"4890\"  src=\"http:\/\/velo-club-brignais.com\/v2\/wp-content\/uploads\/2024\/03\/TDJV-pommiers-DH-U15.jpg\" alt=\"\" class=\"wp-image-4890\" srcset=\"https:\/\/velo-club-brignais.com\/v2\/wp-content\/uploads\/2024\/03\/TDJV-pommiers-DH-U15.jpg 1512w, https:\/\/velo-club-brignais.com\/v2\/wp-content\/uploads\/2024\/03\/TDJV-pommiers-DH-U15-225x300.jpg 225w, https:\/\/velo-club-brignais.com\/v2\/wp-content\/uploads\/2024\/03\/TDJV-pommiers-DH-U15-768x1024.jpg 768w, https:\/\/velo-club-brignais.com\/v2\/wp-content\/uploads\/2024\/03\/TDJV-pommiers-DH-U15-113x150.jpg 113w, https:\/\/velo-club-brignais.com\/v2\/wp-content\/uploads\/2024\/03\/TDJV-pommiers-DH-U15-1152x1536.jpg 1152w, https:\/\/velo-club-brignais.com\/v2\/wp-content\/uploads\/2024\/03\/TDJV-pommiers-DH-U15-945x1260.jpg 945w, https:\/\/velo-club-brignais.com\/v2\/wp-content\/uploads\/2024\/03\/TDJV-pommiers-DH-U15-600x800.jpg 600w\" sizes=\"(max-width: 1512px) 100vw, 1512px\" \/><\/figure>\n\n\n\n<figure class=\"wp-block-image size-large\"><img loading=\"lazy\" width=\"1200\" height=\"1600\" data-id=\"4879\"  src=\"http:\/\/velo-club-brignais.com\/v2\/wp-content\/uploads\/2024\/03\/TDJV-POMMIERS-XCE-VCB.jpg\" alt=\"\" class=\"wp-image-4879\" srcset=\"https:\/\/velo-club-brignais.com\/v2\/wp-content\/uploads\/2024\/03\/TDJV-POMMIERS-XCE-VCB.jpg 1200w, https:\/\/velo-club-brignais.com\/v2\/wp-content\/uploads\/2024\/03\/TDJV-POMMIERS-XCE-VCB-225x300.jpg 225w, https:\/\/velo-club-brignais.com\/v2\/wp-content\/uploads\/2024\/03\/TDJV-POMMIERS-XCE-VCB-768x1024.jpg 768w, https:\/\/velo-club-brignais.com\/v2\/wp-content\/uploads\/2024\/03\/TDJV-POMMIERS-XCE-VCB-113x150.jpg 113w, https:\/\/velo-club-brignais.com\/v2\/wp-content\/uploads\/2024\/03\/TDJV-POMMIERS-XCE-VCB-1152x1536.jpg 1152w, https:\/\/velo-club-brignais.com\/v2\/wp-content\/uploads\/2024\/03\/TDJV-POMMIERS-XCE-VCB-945x1260.jpg 945w, https:\/\/velo-club-brignais.com\/v2\/wp-content\/uploads\/2024\/03\/TDJV-POMMIERS-XCE-VCB-600x800.jpg 600w\" sizes=\"(max-width: 1200px) 100vw, 1200px\" \/><\/figure>\n<\/figure>\n\n\n\n<p>Au programme de la journ\u00e9e : DH le matin et XCE l\u2019apr\u00e8s-midi.<\/p>\n\n\n\n<p>Le circuit physique et la piste rendue grasse par les averses n\u2019ont pas frein\u00e9 nos comp\u00e9titeurs qui ram\u00e8nent 3 m\u00e9dailles, ainsi qu\u2019une 4e et une 5e position !<\/p>\n\n\n\n<p>Un bilan positif sur le plan sportif et encore une belle journ\u00e9e pass\u00e9e tous ensemble !<\/p>\n\n\n\n<p>Merci aux parents et encadrants qui avaient fait le d\u00e9placement en terres beaujolaises.<\/p>\n\n\n\n<p>Rendez-vous \u00e0 Amb\u00e9rieu le 07 avril pour un TDJV ax\u00e9 enduro et DH.<\/p>\n","protected":false},"excerpt":{"rendered":"<p>17 jeunes de l&#8217;Ecole de VTT du VCB ont pris le d\u00e9part de cette deuxi\u00e8me \u00e9preuve de la saison. Au programme de la journ\u00e9e : DH le matin et XCE l\u2019apr\u00e8s-midi. Le circuit physique et la piste rendue grasse par&#8230; <a class=\"more-link\" href=\"https:\/\/velo-club-brignais.com\/v2\/?page_id=4899\">Continue Reading &rarr;<\/a><\/p>\n","protected":false},"author":1,"featured_media":4887,"parent":724,"menu_order":4,"comment_status":"closed","ping_status":"closed","template":"","meta":{"_seopress_robots_primary_cat":"","_seopress_titles_title":"Le VCB \u00e9tait au TDJV de Pommiers le 24 mars 2024","_seopress_titles_desc":"17 jeunes de l'Ecole de VTT du VCB ont pris le d\u00e9part du TDJV de Pommiers. Le club ram\u00e8ne des m\u00e9dailles !","_seopress_robots_index":"","_monsterinsights_skip_tracking":false,"_monsterinsights_sitenote_active":false,"_monsterinsights_sitenote_note":"","_monsterinsights_sitenote_category":0},"_links":{"self":[{"href":"https:\/\/velo-club-brignais.com\/v2\/index.php?rest_route=\/wp\/v2\/pages\/4899"}],"collection":[{"href":"https:\/\/velo-club-brignais.com\/v2\/index.php?rest_route=\/wp\/v2\/pages"}],"about":[{"href":"https:\/\/velo-club-brignais.com\/v2\/index.php?rest_route=\/wp\/v2\/types\/page"}],"author":[{"embeddable":true,"href":"https:\/\/velo-club-brignais.com\/v2\/index.php?rest_route=\/wp\/v2\/users\/1"}],"replies":[{"embeddable":true,"href":"https:\/\/velo-club-brignais.com\/v2\/index.php?rest_route=%2Fwp%2Fv2%2Fcomments&post=4899"}],"version-history":[{"count":3,"href":"https:\/\/velo-club-brignais.com\/v2\/index.php?rest_route=\/wp\/v2\/pages\/4899\/revisions"}],"predecessor-version":[{"id":4904,"href":"https:\/\/velo-club-brignais.com\/v2\/index.php?rest_route=\/wp\/v2\/pages\/4899\/revisions\/4904"}],"up":[{"embeddable":true,"href":"https:\/\/velo-club-brignais.com\/v2\/index.php?rest_route=\/wp\/v2\/pages\/724"}],"wp:featuredmedia":[{"embeddable":true,"href":"https:\/\/velo-club-brignais.com\/v2\/index.php?rest_route=\/wp\/v2\/media\/4887"}],"wp:attachment":[{"href":"https:\/\/velo-club-brignais.com\/v2\/index.php?rest_route=%2Fwp%2Fv2%2Fmedia&parent=4899"}],"curies":[{"name":"wp","href":"https:\/\/api.w.org\/{rel}","templated":true}]}}