{"id":5042,"date":"2024-05-06T09:55:40","date_gmt":"2024-05-06T08:55:40","guid":{"rendered":"http:\/\/velo-club-brignais.com\/v2\/?page_id=5042"},"modified":"2024-05-06T10:02:03","modified_gmt":"2024-05-06T09:02:03","slug":"label-ecoles-francaises-de-cyclisme-efc","status":"publish","type":"page","link":"https:\/\/velo-club-brignais.com\/v2\/?page_id=5042","title":{"rendered":"Label \u00c9coles Fran\u00e7aises de Cyclisme (EFC)"},"content":{"rendered":"\n<p>L&#8217;\u00e9cole de VTT du VCB est <a href=\"https:\/\/structures.ffc.fr\/outils-clubs-labels-ffc\/ecoles-francaise-de-cyclisme\/\">labellis\u00e9e EFC<\/a> par la F\u00e9d\u00e9ration Fran\u00e7aise de Cyclisme depuis avril 2024.<\/p>\n\n\n\n<p>L&#8217;\u00e9cole b\u00e9n\u00e9ficie de 2 labels :<br>\u2022 <strong>\u00ab \u00c9cole de v\u00e9lo \u00bb<\/strong> pour les cyclistes de 5 \u00e0 14 ans.<br>\u2022 <strong>\u00ab Club comp\u00e9tition \u00bb<\/strong> destin\u00e9 aux jeunes de 12 \u00e0 18 ans.<\/p>\n\n\n\n<p>Les labels sont <strong>valables 2 ans<\/strong>.<\/p>\n\n\n\n<figure class=\"wp-block-image size-full\"><img loading=\"lazy\" width=\"700\" height=\"538\" src=\"http:\/\/velo-club-brignais.com\/v2\/wp-content\/uploads\/2024\/05\/Ecoles-francaises-de-cyclisme-FFC_jeunesse-1.jpg\" alt=\"VCB labellis\u00e9 par la FFC\" class=\"wp-image-5034\" srcset=\"https:\/\/velo-club-brignais.com\/v2\/wp-content\/uploads\/2024\/05\/Ecoles-francaises-de-cyclisme-FFC_jeunesse-1.jpg 700w, https:\/\/velo-club-brignais.com\/v2\/wp-content\/uploads\/2024\/05\/Ecoles-francaises-de-cyclisme-FFC_jeunesse-1-300x231.jpg 300w, https:\/\/velo-club-brignais.com\/v2\/wp-content\/uploads\/2024\/05\/Ecoles-francaises-de-cyclisme-FFC_jeunesse-1-150x115.jpg 150w, https:\/\/velo-club-brignais.com\/v2\/wp-content\/uploads\/2024\/05\/Ecoles-francaises-de-cyclisme-FFC_jeunesse-1-600x461.jpg 600w\" sizes=\"(max-width: 700px) 100vw, 700px\" \/><\/figure>\n\n\n\n<h2>Pourquoi ce label ?<\/h2>\n\n\n\n<p>L&#8217;Ecole de VTT, par le travail de plusieurs disciplines et apprentissages techniques (trail, cross-country, DH), pr\u00e9pare des pilotes complets et leur fait d\u00e9couvrir la comp\u00e9tition au niveau d\u00e9partemental et r\u00e9gional.<\/p>\n\n\n\n<p>Ce label vient reconna\u00eetre le <strong>savoir-faire du club en mati\u00e8re de formation<\/strong>.<br>Il est un gage de <strong>qualit\u00e9 de l&#8217;enseignement et de la p\u00e9dagogie<\/strong> de nos encadrants.<\/p>\n\n\n\n<p>Pour attribuer ce label, la FFC s&#8217;appuie sur des crit\u00e8res li\u00e9s :<\/p>\n\n\n\n<p>\u2022 \u00e0 l&#8217;encadrement,<br>\u2022 \u00e0 la s\u00e9curit\u00e9,<br>\u2022 aux infrastructures et au mat\u00e9riel,<br>\u2022 au dynamisme du club et \u00e0 l&#8217;organisation d&#8217;\u00e9v\u00e8nements.<\/p>\n\n\n\n<p>Dans son projet p\u00e9dagogique, le VCB a r\u00e9pondu positivement \u00e0 tous les crit\u00e8res exig\u00e9s par la F\u00e9d\u00e9ration<\/p>\n\n\n\n<p><\/p>\n\n\n\n<p><em>L\u2019\u00ab\u202f\u00c9cole Fran\u00e7aise de Cyclisme\u202f\u00bb est un label, mis en place par la FFC depuis 2017.<\/em><\/p>\n","protected":false},"excerpt":{"rendered":"<p>L&#8217;\u00e9cole de VTT du VCB est labellis\u00e9e EFC par la F\u00e9d\u00e9ration Fran\u00e7aise de Cyclisme depuis avril 2024. L&#8217;\u00e9cole b\u00e9n\u00e9ficie de 2 labels :\u2022 \u00ab \u00c9cole de v\u00e9lo \u00bb pour les cyclistes de 5 \u00e0 14 ans.\u2022 \u00ab Club comp\u00e9tition \u00bb&#8230; <a class=\"more-link\" href=\"https:\/\/velo-club-brignais.com\/v2\/?page_id=5042\">Continue Reading &rarr;<\/a><\/p>\n","protected":false},"author":1,"featured_media":5045,"parent":655,"menu_order":2,"comment_status":"closed","ping_status":"closed","template":"","meta":{"_seopress_robots_primary_cat":"","_seopress_titles_title":"Le VCB labellis\u00e9 \u00c9coles Fran\u00e7aises de Cyclisme","_seopress_titles_desc":"L&#039;\u00e9cole de VTT du VCB est doublement labellis\u00e9e EFC par la F\u00e9d\u00e9ration Fran\u00e7aise de Cyclisme depuis avril 2024.","_seopress_robots_index":"","_monsterinsights_skip_tracking":false,"_monsterinsights_sitenote_active":false,"_monsterinsights_sitenote_note":"","_monsterinsights_sitenote_category":0},"_links":{"self":[{"href":"https:\/\/velo-club-brignais.com\/v2\/index.php?rest_route=\/wp\/v2\/pages\/5042"}],"collection":[{"href":"https:\/\/velo-club-brignais.com\/v2\/index.php?rest_route=\/wp\/v2\/pages"}],"about":[{"href":"https:\/\/velo-club-brignais.com\/v2\/index.php?rest_route=\/wp\/v2\/types\/page"}],"author":[{"embeddable":true,"href":"https:\/\/velo-club-brignais.com\/v2\/index.php?rest_route=\/wp\/v2\/users\/1"}],"replies":[{"embeddable":true,"href":"https:\/\/velo-club-brignais.com\/v2\/index.php?rest_route=%2Fwp%2Fv2%2Fcomments&post=5042"}],"version-history":[{"count":1,"href":"https:\/\/velo-club-brignais.com\/v2\/index.php?rest_route=\/wp\/v2\/pages\/5042\/revisions"}],"predecessor-version":[{"id":5047,"href":"https:\/\/velo-club-brignais.com\/v2\/index.php?rest_route=\/wp\/v2\/pages\/5042\/revisions\/5047"}],"up":[{"embeddable":true,"href":"https:\/\/velo-club-brignais.com\/v2\/index.php?rest_route=\/wp\/v2\/pages\/655"}],"wp:featuredmedia":[{"embeddable":true,"href":"https:\/\/velo-club-brignais.com\/v2\/index.php?rest_route=\/wp\/v2\/media\/5045"}],"wp:attachment":[{"href":"https:\/\/velo-club-brignais.com\/v2\/index.php?rest_route=%2Fwp%2Fv2%2Fmedia&parent=5042"}],"curies":[{"name":"wp","href":"https:\/\/api.w.org\/{rel}","templated":true}]}}