{"id":5471,"date":"2025-03-31T15:42:36","date_gmt":"2025-03-31T14:42:36","guid":{"rendered":"https:\/\/velo-club-brignais.com\/v2\/?page_id=5471"},"modified":"2025-03-31T15:46:03","modified_gmt":"2025-03-31T14:46:03","slug":"tdjv-de-pommiers-2025","status":"publish","type":"page","link":"https:\/\/velo-club-brignais.com\/v2\/?page_id=5471","title":{"rendered":"TDJV de Pommiers 2025"},"content":{"rendered":"\n<p>Retour sur le premier&nbsp;<strong>Troph\u00e9e D\u00e9partemental du Jeune V\u00e9t\u00e9tiste<\/strong>&nbsp;de la saison 2025.<\/p>\n\n\n\n<figure class=\"wp-block-image size-large\"><img loading=\"lazy\" width=\"1024\" height=\"768\" src=\"https:\/\/velo-club-brignais.com\/v2\/wp-content\/uploads\/2025\/03\/PODUIM-U13-H-POMMIERS-2025-2-1024x768.jpg\" alt=\"\" class=\"wp-image-5474\" srcset=\"https:\/\/velo-club-brignais.com\/v2\/wp-content\/uploads\/2025\/03\/PODUIM-U13-H-POMMIERS-2025-2-1024x768.jpg 1024w, https:\/\/velo-club-brignais.com\/v2\/wp-content\/uploads\/2025\/03\/PODUIM-U13-H-POMMIERS-2025-2-300x225.jpg 300w, https:\/\/velo-club-brignais.com\/v2\/wp-content\/uploads\/2025\/03\/PODUIM-U13-H-POMMIERS-2025-2-150x113.jpg 150w, https:\/\/velo-club-brignais.com\/v2\/wp-content\/uploads\/2025\/03\/PODUIM-U13-H-POMMIERS-2025-2-768x576.jpg 768w, https:\/\/velo-club-brignais.com\/v2\/wp-content\/uploads\/2025\/03\/PODUIM-U13-H-POMMIERS-2025-2-1536x1152.jpg 1536w, https:\/\/velo-club-brignais.com\/v2\/wp-content\/uploads\/2025\/03\/PODUIM-U13-H-POMMIERS-2025-2-945x709.jpg 945w, https:\/\/velo-club-brignais.com\/v2\/wp-content\/uploads\/2025\/03\/PODUIM-U13-H-POMMIERS-2025-2-600x450.jpg 600w, https:\/\/velo-club-brignais.com\/v2\/wp-content\/uploads\/2025\/03\/PODUIM-U13-H-POMMIERS-2025-2.jpg 2048w\" sizes=\"(max-width: 1024px) 100vw, 1024px\" \/><\/figure>\n\n\n\n<p>ils \u00e9taient 104 jeunes, filles et gar\u00e7ons, issus de divers clubs de la r\u00e9gions \u00e0 s&#8217;affronter dans les collines beaujolaises de Pommiers, le dimanche 30 mars 2025.<\/p>\n\n\n\n<p><strong>23 jeunes du VCB<\/strong>, \u00e2g\u00e9s de de 7 \u00e0 17 ans, \u00e9taient pr\u00e9sents sur les lignes de d\u00e9part.<\/p>\n\n\n\n<p>Au programme : une \u00e9preuve de&nbsp;<strong>DH&nbsp;<\/strong>(descente) et une \u00e9preuve de&nbsp;<strong>XC<\/strong>.<\/p>\n\n\n\n<p>R\u00e9sultats : <strong>3 podiums<\/strong>&nbsp;et une quatri\u00e8me place pour nos licenci\u00e9s.<br>Bravo \u00e0 P\u00e9n\u00e9lope, Ruben, Lohan et Nathana\u00ebl, mais \u00e9galement \u00e0 tous les autres qui n\u2019ont pas d\u00e9m\u00e9rit\u00e9.<\/p>\n\n\n\n<p>Merci aux encadrants et merci aux parents qui \u00e9taient pr\u00e9sents pour aider, guider et encourager les enfants.<\/p>\n\n\n\n<p>La prochaine manche du TDJV se tiendra le dimanche 06 avril \u00e0 Amb\u00e9rieu-en-Bugey dans l\u2019Ain. Les \u00e9preuves seront&nbsp;<strong>enduro<\/strong>&nbsp;le matin et&nbsp;<strong>XCE&nbsp;<\/strong>l\u2019apr\u00e8s-midi.<\/p>\n\n\n\n<figure class=\"wp-block-gallery aligncenter has-nested-images columns-default is-cropped\">\n<figure class=\"wp-block-image size-large\"><img loading=\"lazy\" width=\"768\" height=\"1024\" data-id=\"5475\"  src=\"https:\/\/velo-club-brignais.com\/v2\/wp-content\/uploads\/2025\/03\/PHOTO-2025-03-30-19-49-52-768x1024.jpg\" alt=\"\" class=\"wp-image-5475\" srcset=\"https:\/\/velo-club-brignais.com\/v2\/wp-content\/uploads\/2025\/03\/PHOTO-2025-03-30-19-49-52-768x1024.jpg 768w, https:\/\/velo-club-brignais.com\/v2\/wp-content\/uploads\/2025\/03\/PHOTO-2025-03-30-19-49-52-225x300.jpg 225w, https:\/\/velo-club-brignais.com\/v2\/wp-content\/uploads\/2025\/03\/PHOTO-2025-03-30-19-49-52-113x150.jpg 113w, https:\/\/velo-club-brignais.com\/v2\/wp-content\/uploads\/2025\/03\/PHOTO-2025-03-30-19-49-52-1152x1536.jpg 1152w, https:\/\/velo-club-brignais.com\/v2\/wp-content\/uploads\/2025\/03\/PHOTO-2025-03-30-19-49-52-945x1260.jpg 945w, https:\/\/velo-club-brignais.com\/v2\/wp-content\/uploads\/2025\/03\/PHOTO-2025-03-30-19-49-52-600x800.jpg 600w, https:\/\/velo-club-brignais.com\/v2\/wp-content\/uploads\/2025\/03\/PHOTO-2025-03-30-19-49-52.jpg 1536w\" sizes=\"(max-width: 768px) 100vw, 768px\" \/><\/figure>\n\n\n\n<figure class=\"wp-block-image size-large\"><img loading=\"lazy\" width=\"1024\" height=\"768\" data-id=\"5476\"  src=\"https:\/\/velo-club-brignais.com\/v2\/wp-content\/uploads\/2025\/03\/PHOTO-2025-03-30-12-34-46-1024x768.jpg\" alt=\"\" class=\"wp-image-5476\" srcset=\"https:\/\/velo-club-brignais.com\/v2\/wp-content\/uploads\/2025\/03\/PHOTO-2025-03-30-12-34-46-1024x768.jpg 1024w, https:\/\/velo-club-brignais.com\/v2\/wp-content\/uploads\/2025\/03\/PHOTO-2025-03-30-12-34-46-300x225.jpg 300w, https:\/\/velo-club-brignais.com\/v2\/wp-content\/uploads\/2025\/03\/PHOTO-2025-03-30-12-34-46-150x113.jpg 150w, https:\/\/velo-club-brignais.com\/v2\/wp-content\/uploads\/2025\/03\/PHOTO-2025-03-30-12-34-46-768x576.jpg 768w, https:\/\/velo-club-brignais.com\/v2\/wp-content\/uploads\/2025\/03\/PHOTO-2025-03-30-12-34-46-1536x1152.jpg 1536w, https:\/\/velo-club-brignais.com\/v2\/wp-content\/uploads\/2025\/03\/PHOTO-2025-03-30-12-34-46-945x709.jpg 945w, https:\/\/velo-club-brignais.com\/v2\/wp-content\/uploads\/2025\/03\/PHOTO-2025-03-30-12-34-46-600x450.jpg 600w, https:\/\/velo-club-brignais.com\/v2\/wp-content\/uploads\/2025\/03\/PHOTO-2025-03-30-12-34-46.jpg 2048w\" sizes=\"(max-width: 1024px) 100vw, 1024px\" \/><\/figure>\n\n\n\n<figure class=\"wp-block-image size-large\"><img loading=\"lazy\" width=\"768\" height=\"1024\" data-id=\"5477\"  src=\"https:\/\/velo-club-brignais.com\/v2\/wp-content\/uploads\/2025\/03\/PHOTO-2025-03-30-13-03-59-5-768x1024.jpg\" alt=\"\" class=\"wp-image-5477\" srcset=\"https:\/\/velo-club-brignais.com\/v2\/wp-content\/uploads\/2025\/03\/PHOTO-2025-03-30-13-03-59-5-768x1024.jpg 768w, https:\/\/velo-club-brignais.com\/v2\/wp-content\/uploads\/2025\/03\/PHOTO-2025-03-30-13-03-59-5-225x300.jpg 225w, https:\/\/velo-club-brignais.com\/v2\/wp-content\/uploads\/2025\/03\/PHOTO-2025-03-30-13-03-59-5-113x150.jpg 113w, https:\/\/velo-club-brignais.com\/v2\/wp-content\/uploads\/2025\/03\/PHOTO-2025-03-30-13-03-59-5-1152x1536.jpg 1152w, https:\/\/velo-club-brignais.com\/v2\/wp-content\/uploads\/2025\/03\/PHOTO-2025-03-30-13-03-59-5-945x1260.jpg 945w, https:\/\/velo-club-brignais.com\/v2\/wp-content\/uploads\/2025\/03\/PHOTO-2025-03-30-13-03-59-5-600x800.jpg 600w, https:\/\/velo-club-brignais.com\/v2\/wp-content\/uploads\/2025\/03\/PHOTO-2025-03-30-13-03-59-5.jpg 1200w\" sizes=\"(max-width: 768px) 100vw, 768px\" \/><\/figure>\n\n\n\n<figure class=\"wp-block-image size-large\"><img loading=\"lazy\" width=\"1024\" height=\"768\" data-id=\"5478\"  src=\"https:\/\/velo-club-brignais.com\/v2\/wp-content\/uploads\/2025\/03\/PHOTO-2025-03-30-13-10-18-3-1024x768.jpg\" alt=\"\" class=\"wp-image-5478\" srcset=\"https:\/\/velo-club-brignais.com\/v2\/wp-content\/uploads\/2025\/03\/PHOTO-2025-03-30-13-10-18-3-1024x768.jpg 1024w, https:\/\/velo-club-brignais.com\/v2\/wp-content\/uploads\/2025\/03\/PHOTO-2025-03-30-13-10-18-3-300x225.jpg 300w, https:\/\/velo-club-brignais.com\/v2\/wp-content\/uploads\/2025\/03\/PHOTO-2025-03-30-13-10-18-3-150x113.jpg 150w, https:\/\/velo-club-brignais.com\/v2\/wp-content\/uploads\/2025\/03\/PHOTO-2025-03-30-13-10-18-3-768x576.jpg 768w, https:\/\/velo-club-brignais.com\/v2\/wp-content\/uploads\/2025\/03\/PHOTO-2025-03-30-13-10-18-3-1536x1152.jpg 1536w, https:\/\/velo-club-brignais.com\/v2\/wp-content\/uploads\/2025\/03\/PHOTO-2025-03-30-13-10-18-3-945x709.jpg 945w, https:\/\/velo-club-brignais.com\/v2\/wp-content\/uploads\/2025\/03\/PHOTO-2025-03-30-13-10-18-3-600x450.jpg 600w, https:\/\/velo-club-brignais.com\/v2\/wp-content\/uploads\/2025\/03\/PHOTO-2025-03-30-13-10-18-3.jpg 1600w\" sizes=\"(max-width: 1024px) 100vw, 1024px\" \/><\/figure>\n\n\n\n<figure class=\"wp-block-image size-large\"><img loading=\"lazy\" width=\"1024\" height=\"768\" data-id=\"5479\"  src=\"https:\/\/velo-club-brignais.com\/v2\/wp-content\/uploads\/2025\/03\/PHOTO-2025-03-30-13-10-18-2-1024x768.jpg\" alt=\"\" class=\"wp-image-5479\" srcset=\"https:\/\/velo-club-brignais.com\/v2\/wp-content\/uploads\/2025\/03\/PHOTO-2025-03-30-13-10-18-2-1024x768.jpg 1024w, https:\/\/velo-club-brignais.com\/v2\/wp-content\/uploads\/2025\/03\/PHOTO-2025-03-30-13-10-18-2-300x225.jpg 300w, https:\/\/velo-club-brignais.com\/v2\/wp-content\/uploads\/2025\/03\/PHOTO-2025-03-30-13-10-18-2-150x113.jpg 150w, https:\/\/velo-club-brignais.com\/v2\/wp-content\/uploads\/2025\/03\/PHOTO-2025-03-30-13-10-18-2-768x576.jpg 768w, https:\/\/velo-club-brignais.com\/v2\/wp-content\/uploads\/2025\/03\/PHOTO-2025-03-30-13-10-18-2-1536x1152.jpg 1536w, https:\/\/velo-club-brignais.com\/v2\/wp-content\/uploads\/2025\/03\/PHOTO-2025-03-30-13-10-18-2-945x709.jpg 945w, https:\/\/velo-club-brignais.com\/v2\/wp-content\/uploads\/2025\/03\/PHOTO-2025-03-30-13-10-18-2-600x450.jpg 600w, https:\/\/velo-club-brignais.com\/v2\/wp-content\/uploads\/2025\/03\/PHOTO-2025-03-30-13-10-18-2.jpg 1600w\" sizes=\"(max-width: 1024px) 100vw, 1024px\" \/><\/figure>\n\n\n\n<figure class=\"wp-block-image size-large\"><img loading=\"lazy\" width=\"768\" height=\"1024\" data-id=\"5480\"  src=\"https:\/\/velo-club-brignais.com\/v2\/wp-content\/uploads\/2025\/03\/PHOTO-2025-03-30-19-49-46-768x1024.jpg\" alt=\"\" class=\"wp-image-5480\" srcset=\"https:\/\/velo-club-brignais.com\/v2\/wp-content\/uploads\/2025\/03\/PHOTO-2025-03-30-19-49-46-768x1024.jpg 768w, https:\/\/velo-club-brignais.com\/v2\/wp-content\/uploads\/2025\/03\/PHOTO-2025-03-30-19-49-46-225x300.jpg 225w, https:\/\/velo-club-brignais.com\/v2\/wp-content\/uploads\/2025\/03\/PHOTO-2025-03-30-19-49-46-113x150.jpg 113w, https:\/\/velo-club-brignais.com\/v2\/wp-content\/uploads\/2025\/03\/PHOTO-2025-03-30-19-49-46-1152x1536.jpg 1152w, https:\/\/velo-club-brignais.com\/v2\/wp-content\/uploads\/2025\/03\/PHOTO-2025-03-30-19-49-46-945x1260.jpg 945w, https:\/\/velo-club-brignais.com\/v2\/wp-content\/uploads\/2025\/03\/PHOTO-2025-03-30-19-49-46-600x800.jpg 600w, https:\/\/velo-club-brignais.com\/v2\/wp-content\/uploads\/2025\/03\/PHOTO-2025-03-30-19-49-46.jpg 1536w\" sizes=\"(max-width: 768px) 100vw, 768px\" \/><\/figure>\n\n\n\n<figure class=\"wp-block-image size-large\"><img loading=\"lazy\" width=\"1024\" height=\"768\" data-id=\"5481\"  src=\"https:\/\/velo-club-brignais.com\/v2\/wp-content\/uploads\/2025\/03\/PHOTO-2025-03-30-19-49-48-1-1024x768.jpg\" alt=\"\" class=\"wp-image-5481\" srcset=\"https:\/\/velo-club-brignais.com\/v2\/wp-content\/uploads\/2025\/03\/PHOTO-2025-03-30-19-49-48-1-1024x768.jpg 1024w, https:\/\/velo-club-brignais.com\/v2\/wp-content\/uploads\/2025\/03\/PHOTO-2025-03-30-19-49-48-1-300x225.jpg 300w, https:\/\/velo-club-brignais.com\/v2\/wp-content\/uploads\/2025\/03\/PHOTO-2025-03-30-19-49-48-1-150x113.jpg 150w, https:\/\/velo-club-brignais.com\/v2\/wp-content\/uploads\/2025\/03\/PHOTO-2025-03-30-19-49-48-1-768x576.jpg 768w, https:\/\/velo-club-brignais.com\/v2\/wp-content\/uploads\/2025\/03\/PHOTO-2025-03-30-19-49-48-1-1536x1152.jpg 1536w, https:\/\/velo-club-brignais.com\/v2\/wp-content\/uploads\/2025\/03\/PHOTO-2025-03-30-19-49-48-1-945x709.jpg 945w, https:\/\/velo-club-brignais.com\/v2\/wp-content\/uploads\/2025\/03\/PHOTO-2025-03-30-19-49-48-1-600x450.jpg 600w, https:\/\/velo-club-brignais.com\/v2\/wp-content\/uploads\/2025\/03\/PHOTO-2025-03-30-19-49-48-1.jpg 2048w\" sizes=\"(max-width: 1024px) 100vw, 1024px\" \/><\/figure>\n\n\n\n<figure class=\"wp-block-image size-large\"><img loading=\"lazy\" width=\"768\" height=\"1024\" data-id=\"5482\"  src=\"https:\/\/velo-club-brignais.com\/v2\/wp-content\/uploads\/2025\/03\/PHOTO-2025-03-30-19-49-52-1-768x1024.jpg\" alt=\"\" class=\"wp-image-5482\" srcset=\"https:\/\/velo-club-brignais.com\/v2\/wp-content\/uploads\/2025\/03\/PHOTO-2025-03-30-19-49-52-1-768x1024.jpg 768w, https:\/\/velo-club-brignais.com\/v2\/wp-content\/uploads\/2025\/03\/PHOTO-2025-03-30-19-49-52-1-225x300.jpg 225w, https:\/\/velo-club-brignais.com\/v2\/wp-content\/uploads\/2025\/03\/PHOTO-2025-03-30-19-49-52-1-113x150.jpg 113w, https:\/\/velo-club-brignais.com\/v2\/wp-content\/uploads\/2025\/03\/PHOTO-2025-03-30-19-49-52-1-1152x1536.jpg 1152w, https:\/\/velo-club-brignais.com\/v2\/wp-content\/uploads\/2025\/03\/PHOTO-2025-03-30-19-49-52-1-945x1260.jpg 945w, https:\/\/velo-club-brignais.com\/v2\/wp-content\/uploads\/2025\/03\/PHOTO-2025-03-30-19-49-52-1-600x800.jpg 600w, https:\/\/velo-club-brignais.com\/v2\/wp-content\/uploads\/2025\/03\/PHOTO-2025-03-30-19-49-52-1.jpg 1536w\" sizes=\"(max-width: 768px) 100vw, 768px\" \/><\/figure>\n<\/figure>\n","protected":false},"excerpt":{"rendered":"<p>Retour sur le premier&nbsp;Troph\u00e9e D\u00e9partemental du Jeune V\u00e9t\u00e9tiste&nbsp;de la saison 2025. ils \u00e9taient 104 jeunes, filles et gar\u00e7ons, issus de divers clubs de la r\u00e9gions \u00e0 s&#8217;affronter dans les collines beaujolaises de Pommiers, le dimanche 30 mars 2025. 23 jeunes&#8230; <a class=\"more-link\" href=\"https:\/\/velo-club-brignais.com\/v2\/?page_id=5471\">Continue Reading &rarr;<\/a><\/p>\n","protected":false},"author":1,"featured_media":5469,"parent":724,"menu_order":1,"comment_status":"closed","ping_status":"closed","template":"","meta":{"_seopress_robots_primary_cat":"","_seopress_titles_title":"TDJV de Pommiers 2025 retour sur la comp\u00e9tition","_seopress_titles_desc":"Retour sur le premier\u00a0Troph\u00e9e D\u00e9partemental du Jeune V\u00e9t\u00e9tiste\u00a0de la saison 2025.","_seopress_robots_index":"","_monsterinsights_skip_tracking":false,"_monsterinsights_sitenote_active":false,"_monsterinsights_sitenote_note":"","_monsterinsights_sitenote_category":0},"_links":{"self":[{"href":"https:\/\/velo-club-brignais.com\/v2\/index.php?rest_route=\/wp\/v2\/pages\/5471"}],"collection":[{"href":"https:\/\/velo-club-brignais.com\/v2\/index.php?rest_route=\/wp\/v2\/pages"}],"about":[{"href":"https:\/\/velo-club-brignais.com\/v2\/index.php?rest_route=\/wp\/v2\/types\/page"}],"author":[{"embeddable":true,"href":"https:\/\/velo-club-brignais.com\/v2\/index.php?rest_route=\/wp\/v2\/users\/1"}],"replies":[{"embeddable":true,"href":"https:\/\/velo-club-brignais.com\/v2\/index.php?rest_route=%2Fwp%2Fv2%2Fcomments&post=5471"}],"version-history":[{"count":2,"href":"https:\/\/velo-club-brignais.com\/v2\/index.php?rest_route=\/wp\/v2\/pages\/5471\/revisions"}],"predecessor-version":[{"id":5485,"href":"https:\/\/velo-club-brignais.com\/v2\/index.php?rest_route=\/wp\/v2\/pages\/5471\/revisions\/5485"}],"up":[{"embeddable":true,"href":"https:\/\/velo-club-brignais.com\/v2\/index.php?rest_route=\/wp\/v2\/pages\/724"}],"wp:featuredmedia":[{"embeddable":true,"href":"https:\/\/velo-club-brignais.com\/v2\/index.php?rest_route=\/wp\/v2\/media\/5469"}],"wp:attachment":[{"href":"https:\/\/velo-club-brignais.com\/v2\/index.php?rest_route=%2Fwp%2Fv2%2Fmedia&parent=5471"}],"curies":[{"name":"wp","href":"https:\/\/api.w.org\/{rel}","templated":true}]}}