{"id":659,"date":"2015-03-09T22:31:32","date_gmt":"2015-03-09T21:31:32","guid":{"rendered":"http:\/\/www.velo-club-brignais.com\/v2\/?page_id=659"},"modified":"2025-03-31T16:16:49","modified_gmt":"2025-03-31T15:16:49","slug":"assiduite","status":"publish","type":"page","link":"https:\/\/velo-club-brignais.com\/v2\/?page_id=659","title":{"rendered":"Nos Sorties"},"content":{"rendered":"\n<h2>Enduro 2024<\/h2>\n\n\n\n<p>Le 30 novembre 2024, entra\u00eenement un peu sp\u00e9cial pour l&#8217;Ecole de VTT !<\/p>\n\n\n\n<p>50 jeunes et autant de parents ont r\u00e9pondu pr\u00e9sents au premier <strong>enduro <\/strong>de l&#8217;ann\u00e9e, organis\u00e9 \u00e0 Saint-Laurent d&#8217;Agny.<\/p>\n\n\n\n<p>Merci aux encadrants et aux parents venus aider \u00e0 signaler, s\u00e9curiser le parcours et encourager nos jeunes !<\/p>\n\n\n\n<figure class=\"wp-block-gallery has-nested-images columns-default is-cropped\">\n<figure class=\"wp-block-image size-large\"><img loading=\"lazy\" width=\"768\" height=\"1024\" data-id=\"5499\"  src=\"https:\/\/velo-club-brignais.com\/v2\/wp-content\/uploads\/2025\/03\/PHOTO-2024-11-30-14-24-51-768x1024.jpg\" alt=\"\" class=\"wp-image-5499\" srcset=\"https:\/\/velo-club-brignais.com\/v2\/wp-content\/uploads\/2025\/03\/PHOTO-2024-11-30-14-24-51-768x1024.jpg 768w, https:\/\/velo-club-brignais.com\/v2\/wp-content\/uploads\/2025\/03\/PHOTO-2024-11-30-14-24-51-225x300.jpg 225w, https:\/\/velo-club-brignais.com\/v2\/wp-content\/uploads\/2025\/03\/PHOTO-2024-11-30-14-24-51-113x150.jpg 113w, https:\/\/velo-club-brignais.com\/v2\/wp-content\/uploads\/2025\/03\/PHOTO-2024-11-30-14-24-51-1152x1536.jpg 1152w, https:\/\/velo-club-brignais.com\/v2\/wp-content\/uploads\/2025\/03\/PHOTO-2024-11-30-14-24-51-1536x2048.jpg 1536w, https:\/\/velo-club-brignais.com\/v2\/wp-content\/uploads\/2025\/03\/PHOTO-2024-11-30-14-24-51-945x1260.jpg 945w, https:\/\/velo-club-brignais.com\/v2\/wp-content\/uploads\/2025\/03\/PHOTO-2024-11-30-14-24-51-600x800.jpg 600w, https:\/\/velo-club-brignais.com\/v2\/wp-content\/uploads\/2025\/03\/PHOTO-2024-11-30-14-24-51-scaled.jpg 1920w\" sizes=\"(max-width: 768px) 100vw, 768px\" \/><\/figure>\n\n\n\n<figure class=\"wp-block-image size-large\"><img loading=\"lazy\" width=\"768\" height=\"1024\" data-id=\"5495\"  src=\"https:\/\/velo-club-brignais.com\/v2\/wp-content\/uploads\/2025\/03\/PHOTO-2024-11-30-14-23-54-2-768x1024.jpg\" alt=\"\" class=\"wp-image-5495\" srcset=\"https:\/\/velo-club-brignais.com\/v2\/wp-content\/uploads\/2025\/03\/PHOTO-2024-11-30-14-23-54-2-768x1024.jpg 768w, https:\/\/velo-club-brignais.com\/v2\/wp-content\/uploads\/2025\/03\/PHOTO-2024-11-30-14-23-54-2-225x300.jpg 225w, https:\/\/velo-club-brignais.com\/v2\/wp-content\/uploads\/2025\/03\/PHOTO-2024-11-30-14-23-54-2-113x150.jpg 113w, https:\/\/velo-club-brignais.com\/v2\/wp-content\/uploads\/2025\/03\/PHOTO-2024-11-30-14-23-54-2-1152x1536.jpg 1152w, https:\/\/velo-club-brignais.com\/v2\/wp-content\/uploads\/2025\/03\/PHOTO-2024-11-30-14-23-54-2-945x1260.jpg 945w, https:\/\/velo-club-brignais.com\/v2\/wp-content\/uploads\/2025\/03\/PHOTO-2024-11-30-14-23-54-2-600x800.jpg 600w, https:\/\/velo-club-brignais.com\/v2\/wp-content\/uploads\/2025\/03\/PHOTO-2024-11-30-14-23-54-2.jpg 1536w\" sizes=\"(max-width: 768px) 100vw, 768px\" \/><\/figure>\n\n\n\n<figure class=\"wp-block-image size-large\"><img loading=\"lazy\" width=\"768\" height=\"1024\" data-id=\"5496\"  src=\"https:\/\/velo-club-brignais.com\/v2\/wp-content\/uploads\/2025\/03\/PHOTO-2024-11-30-14-22-54-768x1024.jpg\" alt=\"\" class=\"wp-image-5496\" srcset=\"https:\/\/velo-club-brignais.com\/v2\/wp-content\/uploads\/2025\/03\/PHOTO-2024-11-30-14-22-54-768x1024.jpg 768w, https:\/\/velo-club-brignais.com\/v2\/wp-content\/uploads\/2025\/03\/PHOTO-2024-11-30-14-22-54-225x300.jpg 225w, https:\/\/velo-club-brignais.com\/v2\/wp-content\/uploads\/2025\/03\/PHOTO-2024-11-30-14-22-54-113x150.jpg 113w, https:\/\/velo-club-brignais.com\/v2\/wp-content\/uploads\/2025\/03\/PHOTO-2024-11-30-14-22-54-1152x1536.jpg 1152w, https:\/\/velo-club-brignais.com\/v2\/wp-content\/uploads\/2025\/03\/PHOTO-2024-11-30-14-22-54-1536x2048.jpg 1536w, https:\/\/velo-club-brignais.com\/v2\/wp-content\/uploads\/2025\/03\/PHOTO-2024-11-30-14-22-54-945x1260.jpg 945w, https:\/\/velo-club-brignais.com\/v2\/wp-content\/uploads\/2025\/03\/PHOTO-2024-11-30-14-22-54-600x800.jpg 600w, https:\/\/velo-club-brignais.com\/v2\/wp-content\/uploads\/2025\/03\/PHOTO-2024-11-30-14-22-54-scaled.jpg 1920w\" sizes=\"(max-width: 768px) 100vw, 768px\" \/><\/figure>\n\n\n\n<figure class=\"wp-block-image size-large\"><img loading=\"lazy\" width=\"768\" height=\"1024\" data-id=\"5498\"  src=\"https:\/\/velo-club-brignais.com\/v2\/wp-content\/uploads\/2025\/03\/PHOTO-2024-11-30-14-22-48-768x1024.jpg\" alt=\"\" class=\"wp-image-5498\" srcset=\"https:\/\/velo-club-brignais.com\/v2\/wp-content\/uploads\/2025\/03\/PHOTO-2024-11-30-14-22-48-768x1024.jpg 768w, https:\/\/velo-club-brignais.com\/v2\/wp-content\/uploads\/2025\/03\/PHOTO-2024-11-30-14-22-48-225x300.jpg 225w, https:\/\/velo-club-brignais.com\/v2\/wp-content\/uploads\/2025\/03\/PHOTO-2024-11-30-14-22-48-113x150.jpg 113w, https:\/\/velo-club-brignais.com\/v2\/wp-content\/uploads\/2025\/03\/PHOTO-2024-11-30-14-22-48-1152x1536.jpg 1152w, https:\/\/velo-club-brignais.com\/v2\/wp-content\/uploads\/2025\/03\/PHOTO-2024-11-30-14-22-48-1536x2048.jpg 1536w, https:\/\/velo-club-brignais.com\/v2\/wp-content\/uploads\/2025\/03\/PHOTO-2024-11-30-14-22-48-945x1260.jpg 945w, https:\/\/velo-club-brignais.com\/v2\/wp-content\/uploads\/2025\/03\/PHOTO-2024-11-30-14-22-48-600x800.jpg 600w, https:\/\/velo-club-brignais.com\/v2\/wp-content\/uploads\/2025\/03\/PHOTO-2024-11-30-14-22-48-scaled.jpg 1920w\" sizes=\"(max-width: 768px) 100vw, 768px\" \/><\/figure>\n\n\n\n<figure class=\"wp-block-image size-large\"><img loading=\"lazy\" width=\"768\" height=\"1024\" data-id=\"5497\"  src=\"https:\/\/velo-club-brignais.com\/v2\/wp-content\/uploads\/2025\/03\/PHOTO-2024-11-30-14-22-42-768x1024.jpg\" alt=\"\" class=\"wp-image-5497\" srcset=\"https:\/\/velo-club-brignais.com\/v2\/wp-content\/uploads\/2025\/03\/PHOTO-2024-11-30-14-22-42-768x1024.jpg 768w, https:\/\/velo-club-brignais.com\/v2\/wp-content\/uploads\/2025\/03\/PHOTO-2024-11-30-14-22-42-225x300.jpg 225w, https:\/\/velo-club-brignais.com\/v2\/wp-content\/uploads\/2025\/03\/PHOTO-2024-11-30-14-22-42-113x150.jpg 113w, https:\/\/velo-club-brignais.com\/v2\/wp-content\/uploads\/2025\/03\/PHOTO-2024-11-30-14-22-42-1152x1536.jpg 1152w, https:\/\/velo-club-brignais.com\/v2\/wp-content\/uploads\/2025\/03\/PHOTO-2024-11-30-14-22-42-1536x2048.jpg 1536w, https:\/\/velo-club-brignais.com\/v2\/wp-content\/uploads\/2025\/03\/PHOTO-2024-11-30-14-22-42-945x1260.jpg 945w, https:\/\/velo-club-brignais.com\/v2\/wp-content\/uploads\/2025\/03\/PHOTO-2024-11-30-14-22-42-600x800.jpg 600w, https:\/\/velo-club-brignais.com\/v2\/wp-content\/uploads\/2025\/03\/PHOTO-2024-11-30-14-22-42-scaled.jpg 1920w\" sizes=\"(max-width: 768px) 100vw, 768px\" \/><\/figure>\n\n\n\n<figure class=\"wp-block-image size-large\"><img loading=\"lazy\" width=\"768\" height=\"1024\" data-id=\"5500\"  src=\"https:\/\/velo-club-brignais.com\/v2\/wp-content\/uploads\/2025\/03\/PHOTO-2024-11-30-14-22-36-768x1024.jpg\" alt=\"\" class=\"wp-image-5500\" srcset=\"https:\/\/velo-club-brignais.com\/v2\/wp-content\/uploads\/2025\/03\/PHOTO-2024-11-30-14-22-36-768x1024.jpg 768w, https:\/\/velo-club-brignais.com\/v2\/wp-content\/uploads\/2025\/03\/PHOTO-2024-11-30-14-22-36-225x300.jpg 225w, https:\/\/velo-club-brignais.com\/v2\/wp-content\/uploads\/2025\/03\/PHOTO-2024-11-30-14-22-36-113x150.jpg 113w, https:\/\/velo-club-brignais.com\/v2\/wp-content\/uploads\/2025\/03\/PHOTO-2024-11-30-14-22-36-1152x1536.jpg 1152w, https:\/\/velo-club-brignais.com\/v2\/wp-content\/uploads\/2025\/03\/PHOTO-2024-11-30-14-22-36-1536x2048.jpg 1536w, https:\/\/velo-club-brignais.com\/v2\/wp-content\/uploads\/2025\/03\/PHOTO-2024-11-30-14-22-36-945x1260.jpg 945w, https:\/\/velo-club-brignais.com\/v2\/wp-content\/uploads\/2025\/03\/PHOTO-2024-11-30-14-22-36-600x800.jpg 600w, https:\/\/velo-club-brignais.com\/v2\/wp-content\/uploads\/2025\/03\/PHOTO-2024-11-30-14-22-36-scaled.jpg 1920w\" sizes=\"(max-width: 768px) 100vw, 768px\" \/><\/figure>\n\n\n\n<figure class=\"wp-block-image size-large\"><img loading=\"lazy\" width=\"768\" height=\"1024\" data-id=\"5501\"  src=\"https:\/\/velo-club-brignais.com\/v2\/wp-content\/uploads\/2025\/03\/PHOTO-2024-11-30-14-22-33-768x1024.jpg\" alt=\"\" class=\"wp-image-5501\" srcset=\"https:\/\/velo-club-brignais.com\/v2\/wp-content\/uploads\/2025\/03\/PHOTO-2024-11-30-14-22-33-768x1024.jpg 768w, https:\/\/velo-club-brignais.com\/v2\/wp-content\/uploads\/2025\/03\/PHOTO-2024-11-30-14-22-33-225x300.jpg 225w, https:\/\/velo-club-brignais.com\/v2\/wp-content\/uploads\/2025\/03\/PHOTO-2024-11-30-14-22-33-113x150.jpg 113w, https:\/\/velo-club-brignais.com\/v2\/wp-content\/uploads\/2025\/03\/PHOTO-2024-11-30-14-22-33-1152x1536.jpg 1152w, https:\/\/velo-club-brignais.com\/v2\/wp-content\/uploads\/2025\/03\/PHOTO-2024-11-30-14-22-33-1536x2048.jpg 1536w, https:\/\/velo-club-brignais.com\/v2\/wp-content\/uploads\/2025\/03\/PHOTO-2024-11-30-14-22-33-945x1260.jpg 945w, https:\/\/velo-club-brignais.com\/v2\/wp-content\/uploads\/2025\/03\/PHOTO-2024-11-30-14-22-33-600x800.jpg 600w, https:\/\/velo-club-brignais.com\/v2\/wp-content\/uploads\/2025\/03\/PHOTO-2024-11-30-14-22-33-scaled.jpg 1920w\" sizes=\"(max-width: 768px) 100vw, 768px\" \/><\/figure>\n\n\n\n<figure class=\"wp-block-image size-large\"><img loading=\"lazy\" width=\"1024\" height=\"768\" data-id=\"5502\"  src=\"https:\/\/velo-club-brignais.com\/v2\/wp-content\/uploads\/2025\/03\/PHOTO-2024-11-30-12-14-43-1024x768.jpg\" alt=\"\" class=\"wp-image-5502\" srcset=\"https:\/\/velo-club-brignais.com\/v2\/wp-content\/uploads\/2025\/03\/PHOTO-2024-11-30-12-14-43-1024x768.jpg 1024w, https:\/\/velo-club-brignais.com\/v2\/wp-content\/uploads\/2025\/03\/PHOTO-2024-11-30-12-14-43-300x225.jpg 300w, https:\/\/velo-club-brignais.com\/v2\/wp-content\/uploads\/2025\/03\/PHOTO-2024-11-30-12-14-43-150x113.jpg 150w, https:\/\/velo-club-brignais.com\/v2\/wp-content\/uploads\/2025\/03\/PHOTO-2024-11-30-12-14-43-768x576.jpg 768w, https:\/\/velo-club-brignais.com\/v2\/wp-content\/uploads\/2025\/03\/PHOTO-2024-11-30-12-14-43-1536x1152.jpg 1536w, https:\/\/velo-club-brignais.com\/v2\/wp-content\/uploads\/2025\/03\/PHOTO-2024-11-30-12-14-43-945x709.jpg 945w, https:\/\/velo-club-brignais.com\/v2\/wp-content\/uploads\/2025\/03\/PHOTO-2024-11-30-12-14-43-600x450.jpg 600w, https:\/\/velo-club-brignais.com\/v2\/wp-content\/uploads\/2025\/03\/PHOTO-2024-11-30-12-14-43.jpg 2000w\" sizes=\"(max-width: 1024px) 100vw, 1024px\" \/><\/figure>\n\n\n\n<figure class=\"wp-block-image size-large\"><img loading=\"lazy\" width=\"576\" height=\"1024\" data-id=\"5503\"  src=\"https:\/\/velo-club-brignais.com\/v2\/wp-content\/uploads\/2025\/03\/PHOTO-2024-11-30-10-24-03-576x1024.jpg\" alt=\"\" class=\"wp-image-5503\" srcset=\"https:\/\/velo-club-brignais.com\/v2\/wp-content\/uploads\/2025\/03\/PHOTO-2024-11-30-10-24-03-576x1024.jpg 576w, https:\/\/velo-club-brignais.com\/v2\/wp-content\/uploads\/2025\/03\/PHOTO-2024-11-30-10-24-03-169x300.jpg 169w, https:\/\/velo-club-brignais.com\/v2\/wp-content\/uploads\/2025\/03\/PHOTO-2024-11-30-10-24-03-84x150.jpg 84w, https:\/\/velo-club-brignais.com\/v2\/wp-content\/uploads\/2025\/03\/PHOTO-2024-11-30-10-24-03-768x1365.jpg 768w, https:\/\/velo-club-brignais.com\/v2\/wp-content\/uploads\/2025\/03\/PHOTO-2024-11-30-10-24-03-864x1536.jpg 864w, https:\/\/velo-club-brignais.com\/v2\/wp-content\/uploads\/2025\/03\/PHOTO-2024-11-30-10-24-03-945x1680.jpg 945w, https:\/\/velo-club-brignais.com\/v2\/wp-content\/uploads\/2025\/03\/PHOTO-2024-11-30-10-24-03-600x1067.jpg 600w, https:\/\/velo-club-brignais.com\/v2\/wp-content\/uploads\/2025\/03\/PHOTO-2024-11-30-10-24-03.jpg 1080w\" sizes=\"(max-width: 576px) 100vw, 576px\" \/><\/figure>\n<\/figure>\n\n\n<h3>Rando Familles 2024<\/h3>\n<p>Une vingtaine de familles ont r\u00e9pondu pr\u00e9sentes dimanche 13 avril 2024 \u00e0 ce moment convivial qui r\u00e9unissait nos jeunes, leurs parents, et leurs fr\u00e8res et s\u0153urs.<\/p>\n<p>Les encadrants proposaient deux parcours (22 km et 15 km) pour s&#8217;adapter \u00e0 tous les niveaux, entre Brignais, Soucieu en Jarrest, Messimy, Chaponost.<\/p>\n<p>La matin\u00e9e \u00e9tait suivie d&#8217;un pique-nique partag\u00e9 dans le parc du Fort C\u00f4te Lorette \u00e0 Saint Genis Laval.<\/p>\n<p>Ce rendez-vous annuel tr\u00e8s appr\u00e9ci\u00e9 de tous, permet aux parents de d\u00e9couvrir, le temps d&#8217;une matin\u00e9e, le sport de leurs enfants et aux jeunes de montrer les progr\u00e8s r\u00e9alis\u00e9s pendant l&#8217;ann\u00e9e.<\/p>\n<p>\u00a0<\/p>\n\n\n<figure class=\"wp-block-image size-full\"><img loading=\"lazy\" width=\"480\" height=\"640\" src=\"http:\/\/velo-club-brignais.com\/v2\/wp-content\/uploads\/2024\/05\/RANDO_FAMILLE_VCB_2024_2.jpg\" alt=\"\" class=\"wp-image-5017\" srcset=\"https:\/\/velo-club-brignais.com\/v2\/wp-content\/uploads\/2024\/05\/RANDO_FAMILLE_VCB_2024_2.jpg 480w, https:\/\/velo-club-brignais.com\/v2\/wp-content\/uploads\/2024\/05\/RANDO_FAMILLE_VCB_2024_2-225x300.jpg 225w, https:\/\/velo-club-brignais.com\/v2\/wp-content\/uploads\/2024\/05\/RANDO_FAMILLE_VCB_2024_2-113x150.jpg 113w\" sizes=\"(max-width: 480px) 100vw, 480px\" \/><\/figure>\n\n\n\n<p><\/p>\n","protected":false},"excerpt":{"rendered":"<p>Enduro 2024 Le 30 novembre 2024, entra\u00eenement un peu sp\u00e9cial pour l&#8217;Ecole de VTT ! 50 jeunes et autant de parents ont r\u00e9pondu pr\u00e9sents au premier enduro de l&#8217;ann\u00e9e, organis\u00e9 \u00e0 Saint-Laurent d&#8217;Agny. Merci aux encadrants et aux parents venus&#8230; <a class=\"more-link\" href=\"https:\/\/velo-club-brignais.com\/v2\/?page_id=659\">Continue Reading &rarr;<\/a><\/p>\n","protected":false},"author":1,"featured_media":0,"parent":655,"menu_order":7,"comment_status":"closed","ping_status":"closed","template":"","meta":{"_seopress_robots_primary_cat":"","_seopress_titles_title":"Retrouvez toutes les sorties de l'\u00e9cole de VTT du VCB","_seopress_titles_desc":"Rando famille, Passe Porte du Soleil... Retrouvez sur cette page toutes les sorties conviviales organis\u00e9es par l'\u00e9cole de VTT du V\u00e9lo Club de Brignais","_seopress_robots_index":"","_monsterinsights_skip_tracking":false,"_monsterinsights_sitenote_active":false,"_monsterinsights_sitenote_note":"","_monsterinsights_sitenote_category":0},"_links":{"self":[{"href":"https:\/\/velo-club-brignais.com\/v2\/index.php?rest_route=\/wp\/v2\/pages\/659"}],"collection":[{"href":"https:\/\/velo-club-brignais.com\/v2\/index.php?rest_route=\/wp\/v2\/pages"}],"about":[{"href":"https:\/\/velo-club-brignais.com\/v2\/index.php?rest_route=\/wp\/v2\/types\/page"}],"author":[{"embeddable":true,"href":"https:\/\/velo-club-brignais.com\/v2\/index.php?rest_route=\/wp\/v2\/users\/1"}],"replies":[{"embeddable":true,"href":"https:\/\/velo-club-brignais.com\/v2\/index.php?rest_route=%2Fwp%2Fv2%2Fcomments&post=659"}],"version-history":[{"count":9,"href":"https:\/\/velo-club-brignais.com\/v2\/index.php?rest_route=\/wp\/v2\/pages\/659\/revisions"}],"predecessor-version":[{"id":5504,"href":"https:\/\/velo-club-brignais.com\/v2\/index.php?rest_route=\/wp\/v2\/pages\/659\/revisions\/5504"}],"up":[{"embeddable":true,"href":"https:\/\/velo-club-brignais.com\/v2\/index.php?rest_route=\/wp\/v2\/pages\/655"}],"wp:attachment":[{"href":"https:\/\/velo-club-brignais.com\/v2\/index.php?rest_route=%2Fwp%2Fv2%2Fmedia&parent=659"}],"curies":[{"name":"wp","href":"https:\/\/api.w.org\/{rel}","templated":true}]}}